{"id":15,"date":"2012-06-20T20:15:24","date_gmt":"2012-06-20T20:15:24","guid":{"rendered":"http:\/\/www.baronrenouard.com\/Renouard\/?page_id=15"},"modified":"2014-10-18T16:37:53","modified_gmt":"2014-10-18T16:37:53","slug":"le-personnage","status":"publish","type":"page","link":"http:\/\/www.baronrenouard.com\/Renouard\/le-personnage\/","title":{"rendered":"BIOGRAPHIE DE PAUL RENOUARD, P.Rd"},"content":{"rendered":"<p style=\"text-align: left;\"><span class=\"Apple-style-span\">Dessinateur, artiste peintre, graveur \u00e0 la pointe s\u00e8che et \u00e0 l\u2019aquatinte, aquafortiste, lithographe, xylographe<\/span><span style=\"text-align: justify;\">,\u00a0Charles Paul Renouard\u00a0est connu mondialement sous le nom de\u00a0<\/span><strong style=\"text-align: justify;\">Paul Renouard<\/strong><span style=\"text-align: justify;\">.<\/span><\/p>\n<div style=\"text-align: left;\"><span class=\"Apple-style-span\">N\u00e9 \u00e0 Cour-Cheverny le 5 novembre 1845, <span style=\"color: #000000;\">sixi\u00e8me enfant d&rsquo;un modeste sabotier,\u00a0<\/span><\/span><span style=\"color: #000000;\">Paul Renouard quitte \u00e0 14 ans son pays natal pour aller gagner sa vie \u00e0 Paris<\/span>. Il devient peintre en b\u00e2timents et \u00e0 la chance de venir travailler dans les locaux de l&rsquo;\u00c9cole des Beaux-Arts. Il y montre occasionnellement un talent pr\u00e9coce de dessinateur qu&rsquo;il poss\u00e8de depuis son enfance, est fort remarqu\u00e9 et en 1868 est admis \u00e0 l&rsquo;\u00c9cole des Beaux-Arts o\u00f9 il entre dons l&rsquo;atelier d&rsquo;<a title=\"Isidore Pils\" href=\"http:\/\/fr.wikipedia.org\/wiki\/Isidore_Pils\">Isidore Pils<\/a>. \u00c9l\u00e8ve tr\u00e8s aim\u00e9 de ce dernier, il l\u2019aide dans l&rsquo;ex\u00e9cution des d\u00e9corations int\u00e9rieures de l&rsquo;<a title=\"Op\u00e9ra Garnier\" href=\"http:\/\/fr.wikipedia.org\/wiki\/Op%C3%A9ra_Garnier\">Op\u00e9ra Garnier<\/a>\u00a0et en 1875, Pils \u00e9tant tomb\u00e9 malade c\u2019est Paul Renouard qui peint les plafonds du grand escalier, d&rsquo;apr\u00e8s les cartons de son ma\u00eetre.<\/div>\n<p style=\"text-align: left;\">Nous lui devons un certain nombre de tableaux\u00a0: danseuses, portraits de toutes les grandes figures du si\u00e8cles dont celui de\u00a0<a class=\"mw-redirect\" title=\"Waldeck-Rousseau\" href=\"http:\/\/fr.wikipedia.org\/wiki\/Waldeck-Rousseau\">Waldeck-Rousseau<\/a>\u00a0qui par leur facture s&rsquo;apparentent \u00e0 l&rsquo;\u0153uvre de ses contemporains, les\u00a0<a class=\"mw-redirect\" title=\"Impressionnistes\" href=\"http:\/\/fr.wikipedia.org\/wiki\/Impressionnistes\">impressionnistes<\/a>\u00a0(Manet, Sisley, Pissaro, Paul Helleu). Nous pouvons \u00e9galement citer les portraits de\u00a0:\u00a0<a title=\"Sarah Bernhardt\" href=\"http:\/\/fr.wikipedia.org\/wiki\/Sarah_Bernhardt\">Sarah Bernhardt<\/a>\u00a0et\u00a0<a title=\"Victorien Sardou\" href=\"http:\/\/fr.wikipedia.org\/wiki\/Victorien_Sardou\">Victorien Sardou<\/a>,\u00a0<a title=\"Ambroise Thomas\" href=\"http:\/\/fr.wikipedia.org\/wiki\/Ambroise_Thomas\">Ambroise Thomas<\/a>,<a title=\"Alexandre Dumas fils\" href=\"http:\/\/fr.wikipedia.org\/wiki\/Alexandre_Dumas_fils\">Alexandre Dumas fils<\/a>,\u00a0<a title=\"\u00c9mile Bergerat\" href=\"http:\/\/fr.wikipedia.org\/wiki\/%C3%89mile_Bergerat\">\u00c9mile Bergerat<\/a>,\u00a0<a title=\"Ravachol\" href=\"http:\/\/fr.wikipedia.org\/wiki\/Ravachol\">Ravachol<\/a>,\u00a0<a title=\"Michel-Eug\u00e8ne Chevreul\" href=\"http:\/\/fr.wikipedia.org\/wiki\/Michel-Eug%C3%A8ne_Chevreul\">Michel-Eug\u00e8ne Chevreul<\/a>,\u00a0<a title=\"Louis M\u00e9nard\" href=\"http:\/\/fr.wikipedia.org\/wiki\/Louis_M%C3%A9nard\">Louis M\u00e9nard<\/a>,\u00a0<a title=\"Joseph Meissonnier\" href=\"http:\/\/fr.wikipedia.org\/wiki\/Joseph_Meissonnier\">Joseph Meissonnier<\/a>,\u00a0<a title=\"Camille Saint-Sa\u00ebns\" href=\"http:\/\/fr.wikipedia.org\/wiki\/Camille_Saint-Sa%C3%ABns\">Camille Saint-Sa\u00ebns<\/a>, le\u00a0<a class=\"mw-redirect\" title=\"G\u00e9n\u00e9ral Boulanger\" href=\"http:\/\/fr.wikipedia.org\/wiki\/G%C3%A9n%C3%A9ral_Boulanger\">G\u00e9n\u00e9ral Boulanger<\/a>, et toute la s\u00e9rie des membres de l\u2019Institut et de la Chambre des D\u00e9put\u00e9s, puis\u00a0<a title=\"Lawrence Alma-Tadema\" href=\"http:\/\/fr.wikipedia.org\/wiki\/Lawrence_Alma-Tadema\">Lawrence Alma-Tadema<\/a>, Sir\u00a0<a title=\"John Everett Millais\" href=\"http:\/\/fr.wikipedia.org\/wiki\/John_Everett_Millais\">John Everett Millais<\/a>, la mar\u00e9chale Kate Booth, Sir\u00a0<a title=\"Frederic Leighton\" href=\"http:\/\/fr.wikipedia.org\/wiki\/Frederic_Leighton\">Frederic Leighton<\/a>,\u00a0<a title=\"Luke Fildes\" href=\"http:\/\/fr.wikipedia.org\/wiki\/Luke_Fildes\">Luke Fildes<\/a>, les neuf croquis d\u2019<a title=\"Henry Irving\" href=\"http:\/\/fr.wikipedia.org\/wiki\/Henry_Irving\">Henry Irving<\/a>\u00a0dans le r\u00f4le de Mephistopheles.<\/p>\n<p style=\"text-align: left;\">Mais l\u00e0 n&rsquo;\u00e9tait pas sa vocation v\u00e9ritable\u00a0: il fut avant tout un dessinateur travaillant en \u00ab\u00a0Noir et Blanc\u00a0\u00bb. Son coup d&rsquo;\u0153il, son intelligence d&rsquo;observation et son talent sont si exceptionnels, si indiscutables que l&rsquo;on s&rsquo;\u00e9tonne de ne pas lui voir dons son pays une notori\u00e9t\u00e9 que l&rsquo;\u00e9tranger lui accorde volontiers. De son vivant, il y avait peu de talent qui soit aussi connu, aussi appr\u00e9ci\u00e9 que le sien, dans le vieux monde et dans le nouveau. Par la vari\u00e9t\u00e9 des sujets qu\u2019il traitait, au gr\u00e9 de l\u2019actualit\u00e9, on pouvait dire universelle, par la fa\u00e7on intense qu\u2019il avait de ressentir les choses et de les fixer, par le souci d\u2019exactitude qui lui \u00e9tait propre et dont t\u00e9moignent ses croquis les plus sommaires, ses plus rapides notations, il s\u2019\u00e9tait conquis un public innombrable, cet innombrable public des grands journaux illustr\u00e9s, sur qui l\u2019image, la repr\u00e9sentation graphique de la vie contemporaine, exer\u00e7ait tant d\u2019attrait.<\/p>\n<p style=\"text-align: left;\">Collaborateur attitr\u00e9 de\u00a0<i><a title=\"L'Illustration\" href=\"http:\/\/fr.wikipedia.org\/wiki\/L%27Illustration\">L&rsquo;Illustration<\/a><\/i>, du\u00a0<i>Paris Illustr\u00e9<\/i>, de la\u00a0<i>Revue Illustr\u00e9e<\/i>, du\u00a0<i><a title=\"The Graphic\" href=\"http:\/\/fr.wikipedia.org\/wiki\/The_Graphic\">The Graphic<\/a><\/i>, il est c\u00e9l\u00e8bre par ses s\u00e9ries sur la vie anglaise qu&rsquo;il a p\u00e9n\u00e9tr\u00e9e peut \u00eatre plus intimement qu&rsquo;aucun indig\u00e8ne, sur l&rsquo;Op\u00e9ra Garnier et sur les \u00e9v\u00e9nements les plus importants qui ont int\u00e9ress\u00e9 et passionn\u00e9 notre pays et l&rsquo;Europe enti\u00e8re\u00a0:\u00a0<a title=\"Exposition universelle de 1900\" href=\"http:\/\/fr.wikipedia.org\/wiki\/Exposition_universelle_de_1900\">Exposition universelle de 1900<\/a>,\u00a0<a title=\"Affaire Dreyfus\" href=\"http:\/\/fr.wikipedia.org\/wiki\/Affaire_Dreyfus\">affaire Dreyfus<\/a>, proc\u00e8s \u00ab\u00a0<a class=\"mw-redirect\" title=\"J'accuse...!\" href=\"http:\/\/fr.wikipedia.org\/wiki\/J%27accuse...!\">J&rsquo;accuse&#8230;!<\/a>\u00a0\u00bb de Zola, affaires\u00a0<a title=\"Th\u00e9r\u00e8se Humbert\" href=\"http:\/\/fr.wikipedia.org\/wiki\/Th%C3%A9r%C3%A8se_Humbert\">Th\u00e9r\u00e8se Humbert<\/a>,\u00a0<a title=\"Marguerite Steinheil\" href=\"http:\/\/fr.wikipedia.org\/wiki\/Marguerite_Steinheil\">Steinheil<\/a>, f\u00eates du Couronnement de\u00a0<a class=\"mw-redirect\" title=\"Edouard VII du Royaume-Uni\" href=\"http:\/\/fr.wikipedia.org\/wiki\/Edouard_VII_du_Royaume-Uni\">Edouard VII du Royaume-Uni<\/a>, obs\u00e8ques de\u00a0<a title=\"Victoria du Royaume-Uni\" href=\"http:\/\/fr.wikipedia.org\/wiki\/Victoria_du_Royaume-Uni\">Victoria du Royaume-Uni<\/a>, f\u00eate du 75<sup>e<\/sup>\u00a0anniversaire de l&rsquo;Ind\u00e9pendance de la Belgique et\u00a0<a title=\"Exposition universelle de 1905\" href=\"http:\/\/fr.wikipedia.org\/wiki\/Exposition_universelle_de_1905\">Exposition universelle de 1905<\/a>\u00a0de Li\u00e8ge, f\u00eates Franco-Russe \u00e0 Compi\u00e8gne en 1901,\u00a0<a title=\"Premi\u00e8re Guerre mondiale\" href=\"http:\/\/fr.wikipedia.org\/wiki\/Premi%C3%A8re_Guerre_mondiale\">Premi\u00e8re Guerre mondiale<\/a>\u00a01914-1918.<\/p>\n<p style=\"text-align: left;\">\u00c0\u00a0<a title=\"Londres\" href=\"http:\/\/fr.wikipedia.org\/wiki\/Londres\">Londres<\/a>, o\u00f9 il a v\u00e9cu presque autant qu\u2019\u00e0 Paris et qu\u2019ailleurs, c\u2019est le Parlement, Drury-Lane, la Salvation Army, les Prisons, le quartier des docks, les fumeries d\u2019opium de l\u2019East-End, le Lyceum Theatre, les Cours de Justice, les casernes de horse-guards, le monde des sports, les music-halls, la Royal Academy qu\u2019il explore et qui lui inspire des s\u00e9ries et des s\u00e9ries de dessins, dont les lecteurs du Graphic appr\u00e9cient les qualit\u00e9s de justesse et d\u2019exactitude, la vision souple fine, l\u2019acuit\u00e9 puissante. L\u2019amusante s\u00e9rie que celle de ses \u00ab\u00a0Croquis de poche \u00e0 Londres\u00a0\u00bb, et avec quel sens de l\u2019humour, comme en marge de ses grandes pages, il y fait vivre les types de la vie journali\u00e8re anglaise, clubmen enfouis dans les vastes fauteuils de cuir, arrosant leur digestion d\u2019innombrables \u00ab\u00a0wisky and soda\u00a0\u00bb, visiteurs dans les mus\u00e9es, policeman de la National Gallery qui vous documente sur les ma\u00eetres du Quattrocent et sur Turner, le policeman de gare qui prend pour vous les tickets, enregistre vos bagages, vous porte votre valise, les copistes de la National Gallery, les promeneurs de Hyde-Park, les dormeurs des jardins de Kensington, les cochers, les conducteurs d\u2019omnibus, le petit monde des \u00e9coles de l\u2019Est, la classe des b\u00e9b\u00e9s\u2026Il assiste au Jubil\u00e9 de la Reine, \u00e0 des Distributions de prix par le doyen de l\u2019Abbaye de Westminster, au Remontage de l\u2019horloge de la Tour du Parlement, aux Royal Tournaments, aux Classes de danse de Mrs Katie Lanner, aux s\u00e9ances du Cercle anarchiste de Berners street. Puis, c\u2019est l\u2019<a title=\"Irlande (\u00eele)\" href=\"http:\/\/fr.wikipedia.org\/wiki\/Irlande_(%C3%AEle)\">Irlande<\/a>, une suite de pages douloureuses et poignantes, d\u2019un pittoresque sombre, d\u2019une v\u00e9rit\u00e9 \u00e9mue, qui demeurent inoubliables\u00a0: Enfants portant la tourbe pour payer l\u2019\u00e9cole, Le Meeting, Une Eviction, Apr\u00e8s l\u2019Eviction, Observant les approches de la police\u2026<\/p>\n<p style=\"text-align: left;\">Le voila \u00e0\u00a0<a title=\"Rome\" href=\"http:\/\/fr.wikipedia.org\/wiki\/Rome\">Rome<\/a>\u00a0pendant la semaine sainte, \u00e0\u00a0<a title=\"Washington (district de Columbia)\" href=\"http:\/\/fr.wikipedia.org\/wiki\/Washington_(district_de_Columbia)\">Washington<\/a>\u00a0pendant le Congr\u00e8s, et c\u2019est la vie politique d\u2019outre-mer, saisie sur le vif dans une collection de portraits et de sc\u00e8nes aussi expressifs que spirituels\u00a0: le Comit\u00e9 des Appropriations, le Comit\u00e9 des Voies et Moyens, la Gauche, la droite, les Repr\u00e9sentants de la Presse au Parlement, le St\u00e9nographe, les portraits de M. Carlisle, pr\u00e9sident de la Chambre des d\u00e9put\u00e9s, de M. Ingalls, pr\u00e9sident du S\u00e9nat\u2026<\/p>\n<blockquote><p>\u00ab\u00a0Plus qu&rsquo;un peintre de la vie moderne, il en est le journaliste sup\u00e9rieurement inform\u00e9, le reporter intelligent et clairvoyant, qui d&rsquo;un regard vif et rapide auquel rien ne semble devoir \u00e9chapper per\u00e7oit imm\u00e9diatement ce qui doit \u00eatre vu et retenu de pittoresque et de tragique\u00a0; car ce chroniqueur savait \u00e0 l&rsquo;occasion s&rsquo;\u00e9lever jusqu&rsquo;\u00e0 l&rsquo;histoire et notait fid\u00e8lement d&rsquo;un crayon ferme, prompt et hardi, avec puissance de v\u00e9rit\u00e9 qui localise s\u00fbrement la sc\u00e8ne et le milieu, silhouettait \u00e9nergiquement les personnages, accusant avec d\u00e9cision et pr\u00e9cision les caract\u00e8res et les types dans les individus\u00a0\u00bb L\u00e9once B\u00e9n\u00e9dite. Rapport g\u00e9n\u00e9ral des Beaux-Arts \u00e0 l&rsquo;Exposition de 1900, Paris<\/p><\/blockquote>\n<p style=\"text-align: left;\">Paul Renouard est inimitable dans ses \u00e9tudes d&rsquo;animaux. Ses gravures, si originales, consacr\u00e9es aux volailles, aux chiens, aux chats r\u00e9v\u00e8lent ses dons d&rsquo;observateur caustique du geste et de l&rsquo;expression.\u00a0Gr\u00e2ce \u00e0 une s\u00e9rie de feuilles consacr\u00e9es au Maestro\u00a0Arturo Vigna en concert \u00e0 Monte-Carlo, on peut juger de l&rsquo;exceptionnelle aptitude de Paul Renouard \u00e0 sugg\u00e9rer le mouvement et \u00e0 capter l&rsquo;expression.\u00a0Selon les propos de Charles Saunier :<\/p>\n<blockquote>\n<p style=\"text-align: left;\">\u00ab\u00a0Le Maestro est pr\u00e9sent\u00e9 dans tout le feu de ses fonctions de chef d&rsquo;orchestre.\u00a0Bien en chair, ventru \u00e0 souhait, la t\u00eate forte et le cr\u00e2ne saillant, il se courbe, s&rsquo;\u00e9lance, s&rsquo;amincit, se ratatine, pour s&rsquo;\u00e9lancer \u00e0 nouveau, band\u00e9 comme un arc dont la fl\u00e8che serait la baguette qu&rsquo;il agite\u00a0\u00bb, \u00ab\u00a0tel Kleber \u00e0 la bataille des pyramides.\u00a0\u00bb<\/p>\n<\/blockquote>\n<div id=\"Layer19\">\n<p style=\"text-align: left;\" align=\"justify\"><strong>\u00ab\u00a0Mouvements, Gestes, Expressions\u00a0\u00bb\u00a0<\/strong>titre d&rsquo;un rarissime recueil des \u0153uvres de Paul Renouard, tir\u00e9 \u00e0 une vingtaine d&rsquo;exemplaires.\u00a0Ces trois mots sont, en effet, tout RENOUARD. Une \u00e9ducation premi\u00e8re d&rsquo;une extr\u00eame solidit\u00e9 a permis \u00e0 son oeil d&rsquo;analyser les plus singuliers mouvements les plus caract\u00e9ristiques gestes, les plus fugitives expressions et sa main peut instantan\u00e9ment consigner le ph\u00e9nom\u00e8ne observ\u00e9.<\/p>\n<p style=\"text-align: left;\" align=\"justify\">Paul Renouard a marqu\u00e9 son \u00e9poque et touch\u00e9 ses contemporains tel\u00a0<a title=\"Vincent van Gogh\" href=\"http:\/\/fr.wikipedia.org\/wiki\/Vincent_van_Gogh\">Vincent van Gogh<\/a>\u00a0qui \u00e0 travers ses correspondances avec son fr\u00e8re Th\u00e9o \u00e0 toujours t\u00e9moign\u00e9 d&rsquo;une grande admiration pour le travail et le talent de Paul Renouard. On trouve ses \u0153uvres en particulier\u00a0: au\u00a0<a title=\"Mus\u00e9e du Louvre\" href=\"http:\/\/fr.wikipedia.org\/wiki\/Mus%C3%A9e_du_Louvre\">Mus\u00e9e du Louvre<\/a>\u00a0et ou\u00a0<a title=\"Mus\u00e9e d'art moderne de la ville de Paris\" href=\"http:\/\/fr.wikipedia.org\/wiki\/Mus%C3%A9e_d%27art_moderne_de_la_ville_de_Paris\">Mus\u00e9e d&rsquo;art moderne de la ville de Paris<\/a>\u00a0(s\u00e9ries sur la vie anglaise). Au\u00a0<a title=\"Mus\u00e9e national de l'art occidental\" href=\"http:\/\/fr.wikipedia.org\/wiki\/Mus%C3%A9e_national_de_l%27art_occidental\">Mus\u00e9e national de l&rsquo;art occidental<\/a>\u00a0de Tokyo, \u00e0 la\u00a0<a title=\"Biblioth\u00e8que royale de Belgique\" href=\"http:\/\/fr.wikipedia.org\/wiki\/Biblioth%C3%A8que_royale_de_Belgique\">Biblioth\u00e8que royale de Belgique<\/a>, ou \u00e0 la\u00a0<a title=\"Biblioth\u00e8que-mus\u00e9e de l'Op\u00e9ra\" href=\"http:\/\/fr.wikipedia.org\/wiki\/Biblioth%C3%A8que-mus%C3%A9e_de_l%27Op%C3%A9ra\">Biblioth\u00e8que-mus\u00e9e de l&rsquo;Op\u00e9ra<\/a>\u00a0(s\u00e9ries sur la danse et l&rsquo;Op\u00e9ra), aux\u00a0<a title=\"Mus\u00e9e des beaux-arts de Tours\" href=\"http:\/\/fr.wikipedia.org\/wiki\/Mus%C3%A9e_des_beaux-arts_de_Tours\">Mus\u00e9e des beaux-arts de Tours<\/a>, de Limoges, de Blois (\u0153uvres diverses tr\u00e8s nombreuses).\u00a0<a class=\"mw-redirect\" title=\"Hayashi Tadamasa\" href=\"http:\/\/fr.wikipedia.org\/wiki\/Hayashi_Tadamasa\">Hayashi Tadamasa<\/a>\u00a0fut un des m\u00e9c\u00e8nes de Paul Renouard, et sa collection de pr\u00e8s de 200 gravures et dessins fit, \u00e0 la mort de Hayashi Tadamasa, l\u2019objet d\u2019une donation par ses h\u00e9ritiers au Mus\u00e9e de la Maison Imp\u00e9riale de Tokyo (l\u2019actuel\u00a0<a title=\"Mus\u00e9e national de Tokyo\" href=\"http:\/\/fr.wikipedia.org\/wiki\/Mus%C3%A9e_national_de_Tokyo\">Mus\u00e9e national de Tokyo<\/a>\u00a0).<\/p>\n<\/div>\n<p style=\"text-align: left;\">Secr\u00e9taire\u00a0de la\u00a0<a title=\"Soci\u00e9t\u00e9 nationale des beaux-arts\" href=\"http:\/\/fr.wikipedia.org\/wiki\/Soci%C3%A9t%C3%A9_nationale_des_beaux-arts\">Soci\u00e9t\u00e9 nationale des beaux-arts<\/a>\u00a0et de la\u00a0<a title=\"Soci\u00e9t\u00e9 des artistes fran\u00e7ais\" href=\"http:\/\/fr.wikipedia.org\/wiki\/Soci%C3%A9t%C3%A9_des_artistes_fran%C3%A7ais\">Soci\u00e9t\u00e9 des artistes fran\u00e7ais<\/a>, il obtint la M\u00e9daille d&rsquo;Or aux Expositions Universelles de 1889 et de 1900. Il est\u00a0Chevalier de la L\u00e9gion d&rsquo;Honneur en 1893.\u00a0Professeur \u00e0 l&rsquo;<a title=\"\u00c9cole nationale sup\u00e9rieure des arts d\u00e9coratifs\" href=\"http:\/\/fr.wikipedia.org\/wiki\/%C3%89cole_nationale_sup%C3%A9rieure_des_arts_d%C3%A9coratifs\">\u00c9cole nationale sup\u00e9rieure des arts d\u00e9coratifs<\/a>\u00a0en 1902. <span class=\"Apple-style-span\">Une grande r\u00e9trospective lui est consacr\u00e9e au Mus\u00e9e National du Luxembourg en 1904.\u00a0<\/span>1920, il est fait officier de la l\u00e9gion d&rsquo;honneur.\u00a0<span class=\"Apple-style-span\">Le mus\u00e9e des Beaux Arts de Blois inaugure en 1922 les Salles \u00ab\u00a0Renouard\u00a0\u00bb. Paul Renouard a \u00e9t\u00e9\u00a0<\/span>mari\u00e9 \u00e0 Mlle \u00c9milie Larsonneur.\u00a0Il meurt \u00e0 Paris le 2 janvier 1924 et repose en notre \u00ab\u00a0Pays de Loire\u00a0\u00bb, dans le petit cimeti\u00e8re de Chambon-sur-Cisse.<\/p>\n<div style=\"text-align: justify;\">\n<dl id=\"attachment_685\" class=\"wp-caption alignleft\" style=\"width: 198px;\">\n<dt class=\"wp-caption-dt\"><a href=\"http:\/\/www.baronrenouard.com\/Renouard\/wp-content\/uploads\/2012\/06\/43994.jpg\"><img loading=\"lazy\" decoding=\"async\" class=\" wp-image-685  \" src=\"http:\/\/www.baronrenouard.com\/Renouard\/wp-content\/uploads\/2012\/06\/43994.jpg\" alt=\"Statue de Paul Renouard\" width=\"188\" height=\"288\" srcset=\"http:\/\/www.baronrenouard.com\/Renouard\/wp-content\/uploads\/2012\/06\/43994.jpg 524w, http:\/\/www.baronrenouard.com\/Renouard\/wp-content\/uploads\/2012\/06\/43994-196x300.jpg 196w\" sizes=\"(max-width: 188px) 100vw, 188px\" \/><\/a><\/dt>\n<dd class=\"wp-caption-dd\">Statue de Paul Renouard (Blois, France)<\/dd>\n<\/dl>\n<p style=\"text-align: left;\">Parmi ses \u00e9l\u00e8ves, nous signalerons notamment :\u00a0Le peintre, graveur et \u00e9crivain auvergnat Maurice Busset (1881-1936) ;\u00a0Andr\u00e9 Galland (1886-1965) ;\u00a0La vichyssoise Jeanne ;\u00a0Madeleine Favier ;\u00a0Albert Chartier ;\u00a0<a title=\"Raymond Legueult\" href=\"http:\/\/www.legueult.com\/\" target=\"_blank\">Legueult<\/a>,\u00a0<a title=\"Maurice Brianchon\" href=\"http:\/\/www.brianchon.com\/\" target=\"_blank\">Brianchon<\/a>\u00a0et\u00a0<a title=\"Fran\u00e7ois Desnoyer\" href=\"http:\/\/fr.wikipedia.org\/wiki\/Fran%C3%A7ois_Desnoyer\" target=\"_blank\">Desnoyer<\/a>\u2026<\/p>\n<div id=\"intertitre_2\" style=\"text-align: left;\">\n<p>Anecdote : Quand il \u00e9tait \u00e0 Londres en 1873,\u00a0Vincent\u00a0Van Gogh\u00a0allait toutes les semaines regarder les vitrines du \u00ab\u00a0<em>Graphic<\/em>\u00ab\u00a0. Il acheta plus tard \u00e0 la Haye 21 tomes de ce journal. Il d\u00e9coupa les gravures sur bois et les colla sur un papier fort pour se constituer \u00ab\u00a0son mus\u00e9e personnel\u00a0\u00bb. Il n&rsquo;\u00e9tait pas le seul admirateur de Renouard,\u00a0<a href=\"http:\/\/fr.wikipedia.org\/wiki\/Joris-Karl_Huysmans\" target=\"_blank\">Huysmans<\/a>, <a href=\"http:\/\/fr.wikipedia.org\/wiki\/Ambroise_Vollard\" target=\"_blank\">Vollard<\/a>, le collectionneur\u00a0<a title=\"Mo\u00efse de Camondo\" href=\"http:\/\/fr.wikipedia.org\/wiki\/Mo\u00efse_de_Camondo\" target=\"_blank\">Camondo<\/a>,\u00a0<a style=\"color: #0b0080;\" title=\"Hayashi Tadamasa\" href=\"http:\/\/fr.wikipedia.org\/wiki\/Hayashi_Tadamasa\">Hayashi Tadamasa<\/a><span style=\"color: #252525;\">\u00a0<\/span>et m\u00eame\u00a0<a href=\"http:\/\/fr.wikipedia.org\/wiki\/Jean-L\u00e9on_G\u00e9r\u00f4me\" target=\"_blank\">Jean-L\u00e9on G\u00e9r\u00f4me<\/a>\u00a0qui ne se g\u00e9nait pas pour le comparer \u00e0 son homonyme, bien sur en d\u00e9faveur d&rsquo;Auguste qui ne trouvait pas gr\u00e2ce \u00e0 ses yeux.<\/p>\n<\/div>\n<\/div>\n","protected":false},"excerpt":{"rendered":"<p>Dessinateur, artiste peintre, graveur \u00e0 la pointe s\u00e8che et \u00e0 l\u2019aquatinte, aquafortiste, lithographe, xylographe,\u00a0Charles Paul Renouard\u00a0est connu mondialement sous le nom de\u00a0Paul Renouard. N\u00e9 \u00e0 Cour-Cheverny le 5 novembre 1845, sixi\u00e8me enfant d&rsquo;un modeste sabotier,\u00a0Paul Renouard quitte \u00e0 14 ans son pays natal pour aller gagner sa vie \u00e0 Paris. Il devient peintre en b\u00e2timents [&hellip;]<\/p>\n","protected":false},"author":1,"featured_media":0,"parent":0,"menu_order":0,"comment_status":"closed","ping_status":"open","template":"","meta":{"ngg_post_thumbnail":0,"footnotes":""},"_links":{"self":[{"href":"http:\/\/www.baronrenouard.com\/Renouard\/wp-json\/wp\/v2\/pages\/15"}],"collection":[{"href":"http:\/\/www.baronrenouard.com\/Renouard\/wp-json\/wp\/v2\/pages"}],"about":[{"href":"http:\/\/www.baronrenouard.com\/Renouard\/wp-json\/wp\/v2\/types\/page"}],"author":[{"embeddable":true,"href":"http:\/\/www.baronrenouard.com\/Renouard\/wp-json\/wp\/v2\/users\/1"}],"replies":[{"embeddable":true,"href":"http:\/\/www.baronrenouard.com\/Renouard\/wp-json\/wp\/v2\/comments?post=15"}],"version-history":[{"count":84,"href":"http:\/\/www.baronrenouard.com\/Renouard\/wp-json\/wp\/v2\/pages\/15\/revisions"}],"predecessor-version":[{"id":957,"href":"http:\/\/www.baronrenouard.com\/Renouard\/wp-json\/wp\/v2\/pages\/15\/revisions\/957"}],"wp:attachment":[{"href":"http:\/\/www.baronrenouard.com\/Renouard\/wp-json\/wp\/v2\/media?parent=15"}],"curies":[{"name":"wp","href":"https:\/\/api.w.org\/{rel}","templated":true}]}}